{"id":2923,"date":"2022-04-11T18:56:38","date_gmt":"2022-04-11T16:56:38","guid":{"rendered":"https:\/\/eveil-de-femme.com\/index.php\/avertissement\/"},"modified":"2023-06-11T11:53:49","modified_gmt":"2023-06-11T09:53:49","slug":"avertissement","status":"publish","type":"page","link":"https:\/\/eveil-de-femme.com\/index.php\/avertissement\/","title":{"rendered":"Mentions L\u00e9gales"},"content":{"rendered":"\n<!-- Legal document generated by Complianz | GDPR\/CCPA Cookie Consent https:\/\/wordpress.org\/plugins\/complianz-gdpr -->\n<div id=\"cmplz-document\" class=\"cmplz-document disclaimer cmplz-document-all\"><p>Eveil de femme is committed to keeping this website up to date and accurate. Should you nevertheless encounter anything that is incorrect or out of date, we would appreciate it if you could let us know. Please indicate where on the website you read the information. We will then look at this as soon as possible. Please send your response by email to: <span class=\"cmplz-obfuscate\">elsa&#046;l&#101;&#112;&#101;&#115;&#099;he&#117;&#120;@<span class=\"cmplz-fmail-domain\">&#101;&#120;&#046;c&#111;&#109;<\/span>g&#109;a&#105;l.&#099;&#111;m<\/span>.<\/p><p>We are not liable for loss as a result of inaccuracies or incompleteness, nor for loss resulting from problems caused by or inherent to the dissemination of information through the internet, such as disruptions or interruptions. When using web forms, we strive to limit the number of required fields to a minimum. For any loss suffered as a result of the use of data, advice or ideas provided by or on behalf of Eveil de femme via this website, Eveil de femme accepts no liability.<\/p><p>All intellectual property rights to content on this website are vested in Eveil de femme.<\/p><p>Copying, disseminating and any other use of these materials is not permitted without the written permission of Eveil de femme, except and only insofar as otherwise stipulated in regulations of mandatory law (such as the right to quote), unless specific content dictates otherwise.<\/p><p>If you have any questions or problems with the accessibility of the website, please do not hesitate to contact us.<\/p><\/div>\n\n\n<h1 class=\"wp-block-heading\">Mentions l\u00e9gales<\/h1>\n\n\n\n<ul class=\"wp-block-list\">\n<li>Ce site web est la propri\u00e9t\u00e9 de&nbsp;:&nbsp;<\/li>\n<\/ul>\n\n\n\n<p>L\u2019association Eveil de Femme<\/p>\n\n\n\n<p>4 rue des fleurs blanches 34300 AGDE<\/p>\n\n\n\n<p>Asso N\u00b0: W341012579<\/p>\n\n\n\n<p>Contact:\u00a0 0670006383 \/ 0663977754<\/p>\n\n\n\n<p>eveildefemme@gmail.com<\/p>\n\n\n\n<ul class=\"wp-block-list\">\n<li>&nbsp;Responsable de publication :<\/li>\n<\/ul>\n\n\n\n<p>Le bureau de l\u2019association avec la participation d\u2019Elsa Lepescheux<\/p>\n\n\n\n<p>L\u2019h\u00e9bergeur du Site est la soci\u00e9t\u00e9 OVH , <em>OVH<\/em>\u00a0SAS est une filiale de la\u00a0<em>soci\u00e9t\u00e9 OVH<\/em>\u00a0Groupe SA,\u00a0<em>soci\u00e9t\u00e9<\/em>\u00a0immatricul\u00e9e au RCS de Lille sous le num\u00e9ro 537 407 926 sise 2, rue Kellermann, 59100 Roubaix.<\/p>\n\n\n\n<ol class=\"wp-block-list\">\n<li>Informations techniques :<\/li>\n<\/ol>\n\n\n\n<p>L\u2019utilisateur du pr\u00e9sent site reconna\u00eet disposer de la comp\u00e9tence des moyens n\u00e9cessaires pour acc\u00e9der et utiliser ce site et avoir v\u00e9rifi\u00e9 que la configuration informatique utilis\u00e9e ne contient aucun virus et qu\u2019elle est en parfait \u00e9tat de fonctionnement.<\/p>\n\n\n\n<p>L\u2019utilisateur reconna\u00eet avoir \u00e9t\u00e9 inform\u00e9 que le pr\u00e9sent site est accessible 24 heures sur 24 et 7 jours sur 7, \u00e0 l\u2019exception des cas de force majeure, difficult\u00e9s li\u00e9es \u00e0 la structure des r\u00e9seaux de communication ou difficult\u00e9s techniques.&nbsp;<\/p>\n\n\n\n<p>Ce site utilise des cookies, ils seront d\u00e9pos\u00e9s uniquement si vous donnez votre accord. Vous pouvez les accepter ou les refuser.<\/p>\n\n\n\n<p>Pour des raisons de maintenance, l\u2019association pourra interrompre le site et s\u2019efforcera d\u2019en avertir pr\u00e9alablement les utilisateurs.<\/p>\n\n\n\n<p>L\u2019association met tout en \u0153uvre pour offrir aux utilisateurs des informations et\/ou outils disponibles v\u00e9rifi\u00e9s, mais ne saurait \u00eatre tenue responsable des erreurs, d\u2019une absence de disponibilit\u00e9 des informations et\/ou de la pr\u00e9sence de virus sur son site.<\/p>\n\n\n\n<p>La r\u00e9servation des diff\u00e9rents noms de domaines a \u00e9t\u00e9 effectu\u00e9e conform\u00e9ment aux dispositions en vigueur.<\/p>\n\n\n\n<p>Le site web est r\u00e9alis\u00e9 par&nbsp; Elsa Lepescheux Elsa ainsi que la participation de tous les membres administrateurs du bureau.<\/p>\n\n\n\n<ol class=\"wp-block-list\" start=\"2\">\n<li>Loi Informatique et libert\u00e9s :<\/li>\n<\/ol>\n\n\n\n<p>L\u2019utilisateur est inform\u00e9, conform\u00e9ment \u00e0&nbsp;<a href=\"http:\/\/www.legifrance.gouv.fr\/affichTexte.do?cidTexte=LEGITEXT000006068624&amp;dateTexte=20080609\">l\u2019article 27 de la Loi n\u00b078-17 du 6 janvier 1978 relative \u00e0 l\u2019informatique, aux fichiers et aux libert\u00e9s<\/a>,&nbsp;que les informations facultatives qu\u2019il communique en r\u00e9pondant s\u2019il le souhaite aux formulaires pr\u00e9sents sur le site permettent de r\u00e9pondre \u00e0 sa demande, et sont destin\u00e9es \u00e0 l\u2019association, responsable du traitement, \u00e0 des fins de gestion administrative.<\/p>\n\n\n\n<p>Conform\u00e9ment \u00e0 la l\u00e9gislation en vigueur, vous disposez d\u2019un&nbsp;<a href=\"https:\/\/www.cnil.fr\/fr\/le-droit-dacces\">droit d\u2019acc\u00e8s<\/a>&nbsp;et&nbsp;<a href=\"https:\/\/www.cnil.fr\/fr\/le-droit-de-rectification\">de rectification<\/a>&nbsp;aux informations qui vous concernent.<\/p>\n\n\n\n<p>Vous pouvez \u00e9galement, pour des motifs l\u00e9gitimes,&nbsp;<a href=\"https:\/\/www.cnil.fr\/fr\/le-droit-dopposition\">vous opposer&nbsp;au traitement des donn\u00e9es vous concernant<\/a>.<\/p>\n\n\n\n<p>Pour en savoir plus,&nbsp;<a href=\"https:\/\/www.cnil.fr\/fr\/comprendre-vos-droits\">consultez&nbsp;vos droits sur le site de la CNIL<\/a>.<\/p>\n\n\n\n<p>Mise en garde;&nbsp;L\u2019association France Accueil Familial se r\u00e9serve le droit de supprimer tout article ou publication sur le site pour expression outrageante, termes de m\u00e9pris ou invective de la part d\u2019un internaute malveillant. Celui-ci&nbsp; pourra faire l\u2019objet de poursuite p\u00e9nale pour diffamation selon&nbsp;&nbsp;<a href=\"http:\/\/www.legifrance.gouv.fr\/affichTexteArticle.do?idArticle=LEGIARTI000006419790&amp;cidTexte=LEGITEXT000006070722\">l\u2019article 29 de la loi du 29 juillet 1881 sur la libert\u00e9 de la presse.<\/a><\/p>\n\n\n\n<ol class=\"wp-block-list\" start=\"3\">\n<li>Propri\u00e9t\u00e9, droit d\u2019auteur et cr\u00e9ation de liens vers : https:\/\/eveil-de-femme.com\/<\/li>\n<\/ol>\n\n\n\n<p>La structure g\u00e9n\u00e9rale, ainsi que les logiciels, textes, images anim\u00e9es ou non, son savoir-faire, et tous autres \u00e9l\u00e9ments composants le site sont la propri\u00e9t\u00e9 exclusive de l\u2019association \u00c9veil de femme<\/p>\n\n\n\n<p>L\u2019association Eveil de femme\u00a0 autorise tout site Internet ou tout autre support \u00e0 citer \u00ab https:\/\/eveil-de-femme.com\/\u00bb ou \u00e0 mettre en place un lien hypertexte pointant vers le site. La petillante se r\u00e9servant le droit d\u2019exiger la suppression de ce lien.<\/p>\n\n\n\n<p>La reproduction de tout ou partie de ce site sur un support \u00e9lectronique est autoris\u00e9e sous r\u00e9serve de l\u2019ajout de fa\u00e7on claire et lisible de la source \u00abhttps:\/\/eveil-de-femme.com\/\u00a0\u00bb et de la mention \u00ab\u00a0Droits r\u00e9serv\u00e9s\u00a0\u00bb.<\/p>\n\n\n\n<p>Les informations utilis\u00e9es ne doivent l\u2019\u00eatre qu\u2019\u00e0 des fins personnelles, associatives ou professionnelles, toute utilisation \u00e0 des fins commerciales ou publicitaires est exclue.<\/p>\n\n\n\n<p>Ces autorisations ne sont valables \u00e0 l\u2019exception de celles diffusant des informations \u00e0 caract\u00e8re politique, religieux, pornographique, x\u00e9nophobe ou pouvant porter atteinte \u00e0 la sensibilit\u00e9 du plus grand nombre.<\/p>\n\n\n\n<p>Au titre de ces autorisations, l\u2019\u00e9quipe de l\u2019association la p\u00e9tillante se r\u00e9serve un droit d\u2019opposition et tout usage contraire constituerait une contrefa\u00e7on sanctionn\u00e9e par&nbsp;<a href=\"http:\/\/www.legifrance.gouv.fr\/affichCode.do?idSectionTA=LEGISCTA000006161658&amp;cidTexte=LEGITEXT000006069414\">les articles L.335-2 et suivants<\/a>&nbsp;du Code de la propri\u00e9t\u00e9 intellectuelle.<\/p>\n","protected":false},"excerpt":{"rendered":"<p>Mentions l\u00e9gales L\u2019association Eveil de Femme 4 rue des fleurs blanches 34300 AGDE Asso N\u00b0: W341012579 Contact:\u00a0 0670006383 \/ 0663977754 eveildefemme@gmail.com Le bureau de l\u2019association avec la participation d\u2019Elsa Lepescheux L\u2019h\u00e9bergeur du Site est la soci\u00e9t\u00e9 OVH , OVH\u00a0SAS est une filiale de la\u00a0soci\u00e9t\u00e9 OVH\u00a0Groupe SA,\u00a0soci\u00e9t\u00e9\u00a0immatricul\u00e9e au RCS de Lille [&hellip;]<\/p>\n","protected":false},"author":1,"featured_media":0,"parent":0,"menu_order":0,"comment_status":"closed","ping_status":"closed","template":"","meta":{"footnotes":""},"class_list":["post-2923","page","type-page","status-publish","hentry"],"yoast_head":"<!-- This site is optimized with the Yoast SEO plugin v27.4 - https:\/\/yoast.com\/product\/yoast-seo-wordpress\/ -->\n<title>Mentions L\u00e9gales Eveil de Femme - Stages Femmes -<\/title>\n<meta name=\"robots\" content=\"index, follow, max-snippet:-1, max-image-preview:large, max-video-preview:-1\" \/>\n<link rel=\"canonical\" href=\"https:\/\/eveil-de-femme.com\/index.php\/avertissement\/\" \/>\n<meta property=\"og:locale\" content=\"fr_FR\" \/>\n<meta property=\"og:type\" content=\"article\" \/>\n<meta property=\"og:title\" content=\"Mentions L\u00e9gales Eveil de Femme - Stages Femmes -\" \/>\n<meta property=\"og:description\" content=\"Mentions l\u00e9gales L\u2019association Eveil de Femme 4 rue des fleurs blanches 34300 AGDE Asso N\u00b0: W341012579 Contact:\u00a0 0670006383 \/ 0663977754 eveildefemme@gmail.com Le bureau de l\u2019association avec la participation d\u2019Elsa Lepescheux L\u2019h\u00e9bergeur du Site est la soci\u00e9t\u00e9 OVH , OVH\u00a0SAS est une filiale de la\u00a0soci\u00e9t\u00e9 OVH\u00a0Groupe SA,\u00a0soci\u00e9t\u00e9\u00a0immatricul\u00e9e au RCS de Lille [&hellip;]\" \/>\n<meta property=\"og:url\" content=\"https:\/\/eveil-de-femme.com\/index.php\/avertissement\/\" \/>\n<meta property=\"og:site_name\" content=\"Eveil de Femme - Stages Femmes\" \/>\n<meta property=\"article:publisher\" content=\"https:\/\/www.facebook.com\/Eveildefemme\/\" \/>\n<meta property=\"article:modified_time\" content=\"2023-06-11T09:53:49+00:00\" \/>\n<meta name=\"twitter:card\" content=\"summary_large_image\" \/>\n<meta name=\"twitter:label1\" content=\"Dur\u00e9e de lecture estim\u00e9e\" \/>\n\t<meta name=\"twitter:data1\" content=\"4 minutes\" \/>\n<script type=\"application\/ld+json\" class=\"yoast-schema-graph\">{\"@context\":\"https:\\\/\\\/schema.org\",\"@graph\":[{\"@type\":\"WebPage\",\"@id\":\"https:\\\/\\\/eveil-de-femme.com\\\/index.php\\\/avertissement\\\/\",\"url\":\"https:\\\/\\\/eveil-de-femme.com\\\/index.php\\\/avertissement\\\/\",\"name\":\"Mentions L\u00e9gales Eveil de Femme - Stages Femmes -\",\"isPartOf\":{\"@id\":\"https:\\\/\\\/eveil-de-femme.com\\\/#website\"},\"datePublished\":\"2022-04-11T16:56:38+00:00\",\"dateModified\":\"2023-06-11T09:53:49+00:00\",\"breadcrumb\":{\"@id\":\"https:\\\/\\\/eveil-de-femme.com\\\/index.php\\\/avertissement\\\/#breadcrumb\"},\"inLanguage\":\"fr-FR\",\"potentialAction\":[{\"@type\":\"ReadAction\",\"target\":[\"https:\\\/\\\/eveil-de-femme.com\\\/index.php\\\/avertissement\\\/\"]}]},{\"@type\":\"BreadcrumbList\",\"@id\":\"https:\\\/\\\/eveil-de-femme.com\\\/index.php\\\/avertissement\\\/#breadcrumb\",\"itemListElement\":[{\"@type\":\"ListItem\",\"position\":1,\"name\":\"Accueil\",\"item\":\"https:\\\/\\\/eveil-de-femme.com\\\/\"},{\"@type\":\"ListItem\",\"position\":2,\"name\":\"Mentions L\u00e9gales\"}]},{\"@type\":\"WebSite\",\"@id\":\"https:\\\/\\\/eveil-de-femme.com\\\/#website\",\"url\":\"https:\\\/\\\/eveil-de-femme.com\\\/\",\"name\":\"Eveil de Femme\",\"description\":\"Stage th\u00e9rapeutique psycho-corporelle et spirituelle\",\"publisher\":{\"@id\":\"https:\\\/\\\/eveil-de-femme.com\\\/#organization\"},\"potentialAction\":[{\"@type\":\"SearchAction\",\"target\":{\"@type\":\"EntryPoint\",\"urlTemplate\":\"https:\\\/\\\/eveil-de-femme.com\\\/?s={search_term_string}\"},\"query-input\":{\"@type\":\"PropertyValueSpecification\",\"valueRequired\":true,\"valueName\":\"search_term_string\"}}],\"inLanguage\":\"fr-FR\"},{\"@type\":\"Organization\",\"@id\":\"https:\\\/\\\/eveil-de-femme.com\\\/#organization\",\"name\":\"Eveil de femme\",\"url\":\"https:\\\/\\\/eveil-de-femme.com\\\/\",\"logo\":{\"@type\":\"ImageObject\",\"inLanguage\":\"fr-FR\",\"@id\":\"https:\\\/\\\/eveil-de-femme.com\\\/#\\\/schema\\\/logo\\\/image\\\/\",\"url\":\"\",\"contentUrl\":\"\",\"caption\":\"Eveil de femme\"},\"image\":{\"@id\":\"https:\\\/\\\/eveil-de-femme.com\\\/#\\\/schema\\\/logo\\\/image\\\/\"},\"sameAs\":[\"https:\\\/\\\/www.facebook.com\\\/Eveildefemme\\\/\",\"https:\\\/\\\/www.instagram.com\\\/eveil_de_femme\\\/\",\"https:\\\/\\\/www.youtube.com\\\/channel\\\/UCbyLerVKiNS_tqorjFt95pw\"]}]}<\/script>\n<!-- \/ Yoast SEO plugin. -->","yoast_head_json":{"title":"Mentions L\u00e9gales Eveil de Femme - Stages Femmes -","robots":{"index":"index","follow":"follow","max-snippet":"max-snippet:-1","max-image-preview":"max-image-preview:large","max-video-preview":"max-video-preview:-1"},"canonical":"https:\/\/eveil-de-femme.com\/index.php\/avertissement\/","og_locale":"fr_FR","og_type":"article","og_title":"Mentions L\u00e9gales Eveil de Femme - Stages Femmes -","og_description":"Mentions l\u00e9gales L\u2019association Eveil de Femme 4 rue des fleurs blanches 34300 AGDE Asso N\u00b0: W341012579 Contact:\u00a0 0670006383 \/ 0663977754 eveildefemme@gmail.com Le bureau de l\u2019association avec la participation d\u2019Elsa Lepescheux L\u2019h\u00e9bergeur du Site est la soci\u00e9t\u00e9 OVH , OVH\u00a0SAS est une filiale de la\u00a0soci\u00e9t\u00e9 OVH\u00a0Groupe SA,\u00a0soci\u00e9t\u00e9\u00a0immatricul\u00e9e au RCS de Lille [&hellip;]","og_url":"https:\/\/eveil-de-femme.com\/index.php\/avertissement\/","og_site_name":"Eveil de Femme - Stages Femmes","article_publisher":"https:\/\/www.facebook.com\/Eveildefemme\/","article_modified_time":"2023-06-11T09:53:49+00:00","twitter_card":"summary_large_image","twitter_misc":{"Dur\u00e9e de lecture estim\u00e9e":"4 minutes"},"schema":{"@context":"https:\/\/schema.org","@graph":[{"@type":"WebPage","@id":"https:\/\/eveil-de-femme.com\/index.php\/avertissement\/","url":"https:\/\/eveil-de-femme.com\/index.php\/avertissement\/","name":"Mentions L\u00e9gales Eveil de Femme - Stages Femmes -","isPartOf":{"@id":"https:\/\/eveil-de-femme.com\/#website"},"datePublished":"2022-04-11T16:56:38+00:00","dateModified":"2023-06-11T09:53:49+00:00","breadcrumb":{"@id":"https:\/\/eveil-de-femme.com\/index.php\/avertissement\/#breadcrumb"},"inLanguage":"fr-FR","potentialAction":[{"@type":"ReadAction","target":["https:\/\/eveil-de-femme.com\/index.php\/avertissement\/"]}]},{"@type":"BreadcrumbList","@id":"https:\/\/eveil-de-femme.com\/index.php\/avertissement\/#breadcrumb","itemListElement":[{"@type":"ListItem","position":1,"name":"Accueil","item":"https:\/\/eveil-de-femme.com\/"},{"@type":"ListItem","position":2,"name":"Mentions L\u00e9gales"}]},{"@type":"WebSite","@id":"https:\/\/eveil-de-femme.com\/#website","url":"https:\/\/eveil-de-femme.com\/","name":"Eveil de Femme","description":"Stage th\u00e9rapeutique psycho-corporelle et spirituelle","publisher":{"@id":"https:\/\/eveil-de-femme.com\/#organization"},"potentialAction":[{"@type":"SearchAction","target":{"@type":"EntryPoint","urlTemplate":"https:\/\/eveil-de-femme.com\/?s={search_term_string}"},"query-input":{"@type":"PropertyValueSpecification","valueRequired":true,"valueName":"search_term_string"}}],"inLanguage":"fr-FR"},{"@type":"Organization","@id":"https:\/\/eveil-de-femme.com\/#organization","name":"Eveil de femme","url":"https:\/\/eveil-de-femme.com\/","logo":{"@type":"ImageObject","inLanguage":"fr-FR","@id":"https:\/\/eveil-de-femme.com\/#\/schema\/logo\/image\/","url":"","contentUrl":"","caption":"Eveil de femme"},"image":{"@id":"https:\/\/eveil-de-femme.com\/#\/schema\/logo\/image\/"},"sameAs":["https:\/\/www.facebook.com\/Eveildefemme\/","https:\/\/www.instagram.com\/eveil_de_femme\/","https:\/\/www.youtube.com\/channel\/UCbyLerVKiNS_tqorjFt95pw"]}]}},"_links":{"self":[{"href":"https:\/\/eveil-de-femme.com\/index.php\/wp-json\/wp\/v2\/pages\/2923","targetHints":{"allow":["GET"]}}],"collection":[{"href":"https:\/\/eveil-de-femme.com\/index.php\/wp-json\/wp\/v2\/pages"}],"about":[{"href":"https:\/\/eveil-de-femme.com\/index.php\/wp-json\/wp\/v2\/types\/page"}],"author":[{"embeddable":true,"href":"https:\/\/eveil-de-femme.com\/index.php\/wp-json\/wp\/v2\/users\/1"}],"replies":[{"embeddable":true,"href":"https:\/\/eveil-de-femme.com\/index.php\/wp-json\/wp\/v2\/comments?post=2923"}],"version-history":[{"count":0,"href":"https:\/\/eveil-de-femme.com\/index.php\/wp-json\/wp\/v2\/pages\/2923\/revisions"}],"wp:attachment":[{"href":"https:\/\/eveil-de-femme.com\/index.php\/wp-json\/wp\/v2\/media?parent=2923"}],"curies":[{"name":"wp","href":"https:\/\/api.w.org\/{rel}","templated":true}]}}