{"id":157,"date":"2019-09-26T18:35:57","date_gmt":"2019-09-26T16:35:57","guid":{"rendered":"https:\/\/eveil-de-femme.com\/?page_id=157"},"modified":"2025-11-02T18:20:37","modified_gmt":"2025-11-02T17:20:37","slug":"contact-inscription","status":"publish","type":"page","link":"https:\/\/eveil-de-femme.com\/index.php\/contact-inscription\/","title":{"rendered":"Contact\/Inscription"},"content":{"rendered":"\t\t<div data-elementor-type=\"wp-page\" data-elementor-id=\"157\" class=\"elementor elementor-157\" data-elementor-post-type=\"page\">\n\t\t\t\t\t\t<section class=\"elementor-section elementor-top-section elementor-element elementor-element-b9467f6 elementor-section-boxed elementor-section-height-default elementor-section-height-default\" data-id=\"b9467f6\" data-element_type=\"section\" data-e-type=\"section\">\n\t\t\t\t\t\t<div class=\"elementor-container elementor-column-gap-default\">\n\t\t\t\t\t<div class=\"elementor-column elementor-col-100 elementor-top-column elementor-element elementor-element-fb21975\" data-id=\"fb21975\" data-element_type=\"column\" data-e-type=\"column\">\n\t\t\t<div class=\"elementor-widget-wrap elementor-element-populated\">\n\t\t\t\t\t\t<div class=\"elementor-element elementor-element-b6d4a1e elementor-widget elementor-widget-heading\" data-id=\"b6d4a1e\" data-element_type=\"widget\" data-e-type=\"widget\" data-widget_type=\"heading.default\">\n\t\t\t\t<div class=\"elementor-widget-container\">\n\t\t\t\t\t<h2 class=\"elementor-heading-title elementor-size-default\">Contact et inscription<\/h2>\t\t\t\t<\/div>\n\t\t\t\t<\/div>\n\t\t\t\t\t<\/div>\n\t\t<\/div>\n\t\t\t\t\t<\/div>\n\t\t<\/section>\n\t\t\t\t<section class=\"elementor-section elementor-top-section elementor-element elementor-element-fdedfe9 elementor-section-boxed elementor-section-height-default elementor-section-height-default\" data-id=\"fdedfe9\" data-element_type=\"section\" data-e-type=\"section\">\n\t\t\t\t\t\t<div class=\"elementor-container elementor-column-gap-default\">\n\t\t\t\t\t<div class=\"elementor-column elementor-col-100 elementor-top-column elementor-element elementor-element-8a88dff\" data-id=\"8a88dff\" data-element_type=\"column\" data-e-type=\"column\">\n\t\t\t<div class=\"elementor-widget-wrap elementor-element-populated\">\n\t\t\t\t\t\t<div class=\"elementor-element elementor-element-2997fae elementor-widget elementor-widget-image\" data-id=\"2997fae\" data-element_type=\"widget\" data-e-type=\"widget\" data-widget_type=\"image.default\">\n\t\t\t\t<div class=\"elementor-widget-container\">\n\t\t\t\t\t\t\t\t\t\t\t\t\t\t\t<img decoding=\"async\" src=\"https:\/\/eveil-de-femme.com\/wp-content\/uploads\/2025\/10\/3.png\" title=\"\" alt=\"\" loading=\"lazy\" \/>\t\t\t\t\t\t\t\t\t\t\t\t\t\t\t<\/div>\n\t\t\t\t<\/div>\n\t\t\t\t\t<\/div>\n\t\t<\/div>\n\t\t\t\t\t<\/div>\n\t\t<\/section>\n\t\t\t\t<section class=\"elementor-section elementor-top-section elementor-element elementor-element-cf702b2 elementor-section-boxed elementor-section-height-default elementor-section-height-default\" data-id=\"cf702b2\" data-element_type=\"section\" data-e-type=\"section\">\n\t\t\t\t\t\t<div class=\"elementor-container elementor-column-gap-default\">\n\t\t\t\t\t<div class=\"elementor-column elementor-col-100 elementor-top-column elementor-element elementor-element-8ba8644\" data-id=\"8ba8644\" data-element_type=\"column\" data-e-type=\"column\">\n\t\t\t<div class=\"elementor-widget-wrap elementor-element-populated\">\n\t\t\t\t\t\t<div class=\"elementor-element elementor-element-f6bd6f6 elementor-widget elementor-widget-text-editor\" data-id=\"f6bd6f6\" data-element_type=\"widget\" data-e-type=\"widget\" data-widget_type=\"text-editor.default\">\n\t\t\t\t<div class=\"elementor-widget-container\">\n\t\t\t\t\t\t\t\t\t<p data-start=\"89\" data-end=\"253\">Si votre c\u0153ur appelle\u00a0 plus d&rsquo;informations sur les stages, les inscriptions ou tout autre aspect de ce chemin, je suis disponible pour vous accompagner.<\/p><p data-start=\"255\" data-end=\"364\">\u2728 <strong data-start=\"257\" data-end=\"275\">Me contacter :<\/strong><br data-start=\"275\" data-end=\"278\" \/>\ud83d\udce7 <a data-start=\"281\" data-end=\"306\" class=\"decorated-link cursor-pointer\" rel=\"noopener\">elsa.lepescheux@gmail.com<span aria-hidden=\"true\" class=\"ms-0.5 inline-block align-middle leading-none\"><svg width=\"20\" height=\"20\" viewbox=\"0 0 20 20\" fill=\"currentColor\" xmlns=\"http:\/\/www.w3.org\/2000\/svg\" data-rtl-flip=\"\" class=\"block h-[0.75em] w-[0.75em] stroke-current stroke-[0.75]\"><path d=\"M14.3349 13.3301V6.60645L5.47065 15.4707C5.21095 15.7304 4.78895 15.7304 4.52925 15.4707C4.26955 15.211 4.26955 14.789 4.52925 14.5293L13.3935 5.66504H6.66011C6.29284 5.66504 5.99507 5.36727 5.99507 5C5.99507 4.63273 6.29284 4.33496 6.66011 4.33496H14.9999L15.1337 4.34863C15.4369 4.41057 15.665 4.67857 15.665 5V13.3301C15.6649 13.6973 15.3672 13.9951 14.9999 13.9951C14.6327 13.9951 14.335 13.6973 14.3349 13.3301Z\"><\/path><\/svg><\/span><\/a><br data-start=\"306\" data-end=\"309\" \/>\ud83d\udcf1 SMS : 06 63 97 77 54 <em data-start=\"333\" data-end=\"362\">(merci d\u2019\u00e9viter les appels)<\/em><\/p><p data-start=\"366\" data-end=\"535\">Lorsque vous m\u2019\u00e9crivez, pensez \u00e0 pr\u00e9ciser le stage qui vous int\u00e9resse ainsi que votre demande, afin que je puisse vous r\u00e9pondre avec la plus grande justesse et pr\u00e9sence.<\/p><p data-start=\"537\" data-end=\"637\"><em data-start=\"540\" data-end=\"637\">Vous trouverez d\u00e9j\u00e0 de nombreuses r\u00e9ponses sur la page de chaque stage ainsi que dans la F.A.Q.<\/em><\/p><hr data-start=\"639\" data-end=\"642\" \/><h3 data-start=\"644\" data-end=\"666\">Lieu des stages<\/h3><p data-start=\"667\" data-end=\"807\">Tous les stages <strong data-start=\"683\" data-end=\"701\">\u00c9veil de Femme<\/strong> se vivent dans le cadre ressour\u00e7ant du <strong data-start=\"741\" data-end=\"766\">Domaine de la Poti\u00e8re<\/strong>, \u00e0 20 minutes de la gare de Valence TGV.<\/p><p data-start=\"809\" data-end=\"987\">Pour soutenir la simplicit\u00e9, l\u2019\u00e9cologie du lien et l\u2019esprit de sororit\u00e9, un <strong data-start=\"885\" data-end=\"901\">co-voiturage<\/strong> est organis\u00e9 depuis la gare.<br data-start=\"930\" data-end=\"933\" \/>(3h Paris \u2014 1h Lyon \u2014 2h Montpellier \u2014 2h30 Marseille)<\/p><hr data-start=\"989\" data-end=\"992\" \/><h3 data-start=\"994\" data-end=\"1029\">\ud83d\udecf\ufe0f H\u00e9bergement &amp; Vie sur place<\/h3><p data-start=\"1030\" data-end=\"1186\">L\u2019h\u00e9bergement en pension compl\u00e8te est <strong data-start=\"1068\" data-end=\"1083\">obligatoire<\/strong> afin que chaque femme puisse \u00eatre pleinement contenue dans l\u2019\u00e9nergie du cercle.<\/p><p data-start=\"1188\" data-end=\"1433\">Si le stage est tr\u00e8s complet, une exception pourra \u00eatre envisag\u00e9e pour les femmes venues en camping-car ou camion.<br data-start=\"1302\" data-end=\"1305\" \/><em data-start=\"1305\" data-end=\"1433\">Aucun h\u00e9bergement ext\u00e9rieur ne sera autoris\u00e9, afin de pr\u00e9server le cadre \u00e9nerg\u00e9tique, l\u2019organisation et la s\u00e9curit\u00e9 du groupe.<\/em><\/p><hr data-start=\"1435\" data-end=\"1438\" \/><h3 data-start=\"1440\" data-end=\"1467\">Dur\u00e9e &amp; Contribution\u00a0<\/h3><p>Cela d\u00e9pend des stages et des retraites<\/p><p data-start=\"1468\" data-end=\"1583\">\u23f3 Dur\u00e9e : <strong data-start=\"1478\" data-end=\"1497\">3 jours 1\/2 (Femme Alchimique &amp; femme intime)<\/strong><br data-start=\"1497\" data-end=\"1500\" \/>\ud83d\udcab Tarif 614\u20ac Tout compris<\/p><p data-start=\"1468\" data-end=\"1583\">\u23f3 Dur\u00e9e : <strong data-start=\"1478\" data-end=\"1497\">3 jours<\/strong><strong data-start=\"1478\" data-end=\"1497\"> (Femme Organique et Femme Lib\u00e9r\u00e9e)<\/strong><br data-start=\"1497\" data-end=\"1500\" \/>\ud83d\udcab Tarif 580\u20ac Tout compris<\/p><p data-start=\"1468\" data-end=\"1583\">\u23f3 Dur\u00e9e : 5<strong data-start=\"1478\" data-end=\"1497\">\u00a0jours<\/strong><strong data-start=\"1478\" data-end=\"1497\"> (Femme Mystique)<\/strong><br data-start=\"1497\" data-end=\"1500\" \/>\ud83d\udcab Tarif 950\u20ac Tout compris<\/p><p data-start=\"1468\" data-end=\"1583\">\u23f3 Dur\u00e9e : <strong data-start=\"1478\" data-end=\"1497\">3 jours 1\/2<\/strong><strong data-start=\"1478\" data-end=\"1497\"> (L&rsquo;\u00e9veil du couple<\/strong><br data-start=\"1497\" data-end=\"1500\" \/>\ud83d\udcab Tarif 630\u20ac Tout compris (par personne) soit 1256\u20ac pour le couple<\/p><hr data-start=\"1585\" data-end=\"1588\" \/><h3 data-start=\"1590\" data-end=\"1648\">\ud83c\udf2c\ufe0f Processus d\u2019inscription : un engagement envers soi<\/h3><ol data-start=\"1649\" data-end=\"1905\"><li data-start=\"1649\" data-end=\"1695\"><p data-start=\"1652\" data-end=\"1695\">Me contacter par mail pour v\u00e9rifier la disponibilit\u00e9<\/p><\/li><li data-start=\"1696\" data-end=\"1747\"><p data-start=\"1699\" data-end=\"1747\">R\u00e9ception d\u2019un mail avec toutes les informations<\/p>Envoi des 20<strong data-start=\"1761\" data-end=\"1779\">0\u20ac d\u2019arrhes<\/strong> pour r\u00e9server votre place \/ 300\u20ac pour la retraite de 5 jours et le stage couple<\/li><li data-start=\"1806\" data-end=\"1856\"><p data-start=\"1809\" data-end=\"1856\">Remplir le <strong data-start=\"1820\" data-end=\"1856\">questionnaire d\u2019accueil en ligne que je vous envois apr\u00e8s votre demande de renseignements<\/strong><\/p><\/li><\/ol><p data-start=\"1907\" data-end=\"2118\">15 jours avant le d\u00e9but du stage, vous recevrez :<br data-start=\"1956\" data-end=\"1959\" \/>\u2022 la liste des affaires \u00e0 apporter<br data-start=\"1993\" data-end=\"1996\" \/>\u2022 le lien pour organiser le covoiturage<br data-start=\"2035\" data-end=\"2038\" \/>\u2022 les informations pratiques pour vous accueillir dans les meilleures conditions<\/p><hr data-start=\"2120\" data-end=\"2123\" \/><h3 data-start=\"2125\" data-end=\"2158\">\u23f0 Horaires d\u2019arriv\u00e9e &amp; d\u00e9part<\/h3><p data-start=\"2159\" data-end=\"2287\">\u2b50 <strong data-start=\"2161\" data-end=\"2179\">D\u00e9but du stage<\/strong> : 11 h ou 16h<br data-start=\"2185\" data-end=\"2188\" \/>Arriv\u00e9e recommand\u00e9e au lieu : 10h ou <strong data-start=\"2218\" data-end=\"2225\">15h<\/strong><br data-start=\"2225\" data-end=\"2228\" \/>Arriv\u00e9e \u00e0 Valence TGV conseill\u00e9e : <strong data-start=\"2263\" data-end=\"2287\">entre 9h et 9h 30 ou 13h30 et 14h30<\/strong><\/p><p data-start=\"2289\" data-end=\"2403\">\ud83c\udf19 <strong data-start=\"2292\" data-end=\"2308\">Fin du stage<\/strong> : 13h\u00a0 (suivi d\u2019un repas partag\u00e9)<br data-start=\"2341\" data-end=\"2344\" \/>D\u00e9part conseill\u00e9 depuis Valence TGV : <strong data-start=\"2382\" data-end=\"2403\">\u00e0 partir de 14h30<\/strong><\/p><p data-start=\"2289\" data-end=\"2403\">ou\u00a0 \ud83c\udf19 <strong data-start=\"2292\" data-end=\"2308\">Fin du stage<\/strong> : \u00e0 16h D\u00e9part conseill\u00e9 depuis Valence TGV : <strong data-start=\"2382\" data-end=\"2403\">\u00e0 partir de 17h30<\/strong><\/p>\t\t\t\t\t\t\t\t<\/div>\n\t\t\t\t<\/div>\n\t\t\t\t\t<\/div>\n\t\t<\/div>\n\t\t\t\t\t<\/div>\n\t\t<\/section>\n\t\t\t\t<section class=\"elementor-section elementor-top-section elementor-element elementor-element-01da5e1 elementor-section-boxed elementor-section-height-default elementor-section-height-default\" data-id=\"01da5e1\" data-element_type=\"section\" data-e-type=\"section\">\n\t\t\t\t\t\t<div class=\"elementor-container elementor-column-gap-default\">\n\t\t\t\t\t<div class=\"elementor-column elementor-col-100 elementor-top-column elementor-element elementor-element-c06981d\" data-id=\"c06981d\" data-element_type=\"column\" data-e-type=\"column\">\n\t\t\t<div class=\"elementor-widget-wrap elementor-element-populated\">\n\t\t\t\t\t\t<div class=\"elementor-element elementor-element-6a341c9 elementor-widget elementor-widget-html\" data-id=\"6a341c9\" data-element_type=\"widget\" data-e-type=\"widget\" data-widget_type=\"html.default\">\n\t\t\t\t<div class=\"elementor-widget-container\">\n\t\t\t\t\t<script id=\"mcjs\">!function(c,h,i,m,p){m=c.createElement(h),p=c.getElementsByTagName(h)[0],m.async=1,m.src=i,p.parentNode.insertBefore(m,p)}(document,\"script\",\"https:\/\/chimpstatic.com\/mcjs-connected\/js\/users\/02aadd52097918b174c2a711f\/0b9b30614cd49a0a0eba37f68.js\");<\/script>\t\t\t\t<\/div>\n\t\t\t\t<\/div>\n\t\t\t\t\t<\/div>\n\t\t<\/div>\n\t\t\t\t\t<\/div>\n\t\t<\/section>\n\t\t\t\t<section class=\"elementor-section elementor-top-section elementor-element elementor-element-3f6003e elementor-section-boxed elementor-section-height-default elementor-section-height-default\" data-id=\"3f6003e\" data-element_type=\"section\" data-e-type=\"section\">\n\t\t\t\t\t\t<div class=\"elementor-container elementor-column-gap-default\">\n\t\t\t\t\t<div class=\"elementor-column elementor-col-100 elementor-top-column elementor-element elementor-element-12b1e75\" data-id=\"12b1e75\" data-element_type=\"column\" data-e-type=\"column\">\n\t\t\t<div class=\"elementor-widget-wrap elementor-element-populated\">\n\t\t\t\t\t\t<div class=\"elementor-element elementor-element-d3e41a4 elementor-widget elementor-widget-heading\" data-id=\"d3e41a4\" data-element_type=\"widget\" data-e-type=\"widget\" data-widget_type=\"heading.default\">\n\t\t\t\t<div class=\"elementor-widget-container\">\n\t\t\t\t\t<h2 class=\"elementor-heading-title elementor-size-default\">Calendrier de tous les stages<br>\u00c9veil de Femme Fait peux neuve, 5 nouveaux stages remplacent les 6 anciens<br>Chaque nouveau stage est ouvert \u00e0 Toutes <\/h2>\t\t\t\t<\/div>\n\t\t\t\t<\/div>\n\t\t\t\t<div class=\"elementor-element elementor-element-8a0fe34 elementor-widget elementor-widget-wp-widget-mec_mec_widget\" data-id=\"8a0fe34\" data-element_type=\"widget\" data-e-type=\"widget\" data-widget_type=\"wp-widget-mec_mec_widget.default\">\n\t\t\t\t<div class=\"elementor-widget-container\">\n\t\t\t\t\t<div class=\"mec-wrap mec-skin-list-container mec-widget  \" id=\"mec_skin_159\">\r\n\r\n    \r\n            <div class=\"mec-skin-list-events-container\" id=\"mec_skin_events_159\">\r\n        <div class=\"mec-wrap colorskin-custom\">\r\n\t<div class=\"mec-event-list-classic\">\r\n\t\t\r\n                        <div class=\"mec-month-divider\" data-toggle-divider=\"mec-toggle-202605-159\"><h5 style=\"display: inline;\">mai 2026<\/h5><i class=\"mec-sl-arrow-down\"><\/i><\/div>\r\n            \r\n                        <article class=\"mec-event-article  mec-clear  mec-divider-toggle mec-toggle-202605-159\" itemscope>\r\n                                                        <div class=\"mec-event-image\"><a class=\"mec-color-hover\" data-event-id=\"4329\" href=\"https:\/\/eveil-de-femme.com\/index.php\/femme-organique\/\" target=\"_self\" rel=\"noopener\"><img decoding=\"async\" width=\"200\" height=\"150\" src=\"https:\/\/eveil-de-femme.com\/wp-content\/uploads\/2025\/10\/1-3-200x150.png\" class=\"attachment-thumbnail size-thumbnail wp-post-image\" alt=\"\" data-mec-postid=\"4329\" \/><\/a><\/div>\r\n                                            <div class=\"mec-event-date mec-color\"><i class=\"mec-sl-calendar\"><\/i> <span class=\"mec-start-date-label\">Mai 08 - 10 2026<\/span><\/div>\r\n                        <div class=\"mec-event-time mec-color\"><\/div>\r\n                                                                                <h4 class=\"mec-event-title\"><a class=\"mec-color-hover\" data-event-id=\"4329\" href=\"https:\/\/eveil-de-femme.com\/index.php\/femme-organique\/\" target=\"_self\" rel=\"noopener\">Femme Organique<\/a><span class=\"event-color\" style=\"background: #db99b2\"><\/span><\/h4>\r\n                    <div class=\"mec-event-detail\"><div class=\"mec-event-loc-place\"><i class=\"mec-sl-map-marker\"><\/i> Le domaine de la Poti\u00e8re<\/div><\/div>                                                                                                                                <\/article>\r\n            \t\t\r\n                        <div class=\"mec-month-divider\" data-toggle-divider=\"mec-toggle-202607-159\"><h5 style=\"display: inline;\">juillet 2026<\/h5><i class=\"mec-sl-arrow-down\"><\/i><\/div>\r\n            \r\n                        <article class=\"mec-event-article  mec-clear  mec-divider-toggle mec-toggle-202607-159\" itemscope>\r\n                                                        <div class=\"mec-event-image\"><a class=\"mec-color-hover\" data-event-id=\"4644\" href=\"https:\/\/eveil-de-femme.com\/index.php\/leveil-du-couple\/\" target=\"_self\" rel=\"noopener\"><img decoding=\"async\" width=\"200\" height=\"150\" src=\"https:\/\/eveil-de-femme.com\/wp-content\/uploads\/2025\/10\/6-3-200x150.png\" class=\"attachment-thumbnail size-thumbnail wp-post-image\" alt=\"\" data-mec-postid=\"4644\" \/><\/a><\/div>\r\n                                            <div class=\"mec-event-date mec-color\"><i class=\"mec-sl-calendar\"><\/i> <span class=\"mec-start-date-label\">Juil 09 - 12 2026<\/span><\/div>\r\n                        <div class=\"mec-event-time mec-color\"><\/div>\r\n                                                                                <h4 class=\"mec-event-title\"><a class=\"mec-color-hover\" data-event-id=\"4644\" href=\"https:\/\/eveil-de-femme.com\/index.php\/leveil-du-couple\/\" target=\"_self\" rel=\"noopener\">\u00c9veil du Couple<\/a><\/h4>\r\n                                                                                                                                                    <\/article>\r\n            \t\t\r\n                        <div class=\"mec-month-divider\" data-toggle-divider=\"mec-toggle-202608-159\"><h5 style=\"display: inline;\">ao\u00fbt 2026<\/h5><i class=\"mec-sl-arrow-down\"><\/i><\/div>\r\n            \r\n                        <article class=\"mec-event-article  mec-clear  mec-divider-toggle mec-toggle-202608-159\" itemscope>\r\n                                                        <div class=\"mec-event-image\"><a class=\"mec-color-hover\" data-event-id=\"4643\" href=\"https:\/\/eveil-de-femme.com\/index.php\/femme-souveraines\/\" target=\"_self\" rel=\"noopener\"><img decoding=\"async\" width=\"200\" height=\"150\" src=\"https:\/\/eveil-de-femme.com\/wp-content\/uploads\/2025\/10\/4-3-200x150.png\" class=\"attachment-thumbnail size-thumbnail wp-post-image\" alt=\"\" data-mec-postid=\"4643\" \/><\/a><\/div>\r\n                                            <div class=\"mec-event-date mec-color\"><i class=\"mec-sl-calendar\"><\/i> <span class=\"mec-start-date-label\">Ao\u00fbt 12 - 16 2026<\/span><\/div>\r\n                        <div class=\"mec-event-time mec-color\"><\/div>\r\n                                                                                <h4 class=\"mec-event-title\"><a class=\"mec-color-hover\" data-event-id=\"4643\" href=\"https:\/\/eveil-de-femme.com\/index.php\/femme-souveraines\/\" target=\"_self\" rel=\"noopener\">Femme Mystique<\/a><\/h4>\r\n                                                                                                                                                    <\/article>\r\n            \t\t\r\n                        <div class=\"mec-month-divider\" data-toggle-divider=\"mec-toggle-202610-159\"><h5 style=\"display: inline;\">octobre 2026<\/h5><i class=\"mec-sl-arrow-down\"><\/i><\/div>\r\n            \r\n                        <article class=\"mec-event-article  mec-clear  mec-divider-toggle mec-toggle-202610-159\" itemscope>\r\n                                                        <div class=\"mec-event-image\"><a class=\"mec-color-hover\" data-event-id=\"4332\" href=\"https:\/\/eveil-de-femme.com\/index.php\/femme-liberee\/\" target=\"_self\" rel=\"noopener\"><img loading=\"lazy\" decoding=\"async\" width=\"200\" height=\"150\" src=\"https:\/\/eveil-de-femme.com\/wp-content\/uploads\/2025\/10\/2-3-200x150.png\" class=\"attachment-thumbnail size-thumbnail wp-post-image\" alt=\"\" data-mec-postid=\"4332\" \/><\/a><\/div>\r\n                                            <div class=\"mec-event-date mec-color\"><i class=\"mec-sl-calendar\"><\/i> <span class=\"mec-start-date-label\">Oct 30 2026<\/span><span class=\"mec-end-date-label\" itemprop=\"endDate\"> - Nov 01 2026<\/span><\/div>\r\n                        <div class=\"mec-event-time mec-color\"><\/div>\r\n                                                                                <h4 class=\"mec-event-title\"><a class=\"mec-color-hover\" data-event-id=\"4332\" href=\"https:\/\/eveil-de-femme.com\/index.php\/femme-liberee\/\" target=\"_self\" rel=\"noopener\">Femme Lib\u00e9r\u00e9e<\/a><span class=\"event-color\" style=\"background: #7a5f87\"><\/span><\/h4>\r\n                    <div class=\"mec-event-detail\"><div class=\"mec-event-loc-place\"><i class=\"mec-sl-map-marker\"><\/i> Le domaine de la Poti\u00e8re<\/div><\/div>                                                                                                                                <\/article>\r\n            \t\t\r\n                        <div class=\"mec-month-divider\" data-toggle-divider=\"mec-toggle-202702-159\"><h5 style=\"display: inline;\">f\u00e9vrier 2027<\/h5><i class=\"mec-sl-arrow-down\"><\/i><\/div>\r\n            \r\n                        <article class=\"mec-event-article  mec-clear  mec-divider-toggle mec-toggle-202702-159\" itemscope>\r\n                                                        <div class=\"mec-event-image\"><a class=\"mec-color-hover\" data-event-id=\"4841\" href=\"https:\/\/eveil-de-femme.com\/index.php\/voyage-en-inde\/\" target=\"_self\" rel=\"noopener\"><img loading=\"lazy\" decoding=\"async\" width=\"200\" height=\"150\" src=\"https:\/\/eveil-de-femme.com\/wp-content\/uploads\/2026\/03\/Retraite-Spirituelle-Femme-Mystique-200x150.jpg\" class=\"attachment-thumbnail size-thumbnail wp-post-image\" alt=\"\" data-mec-postid=\"4841\" \/><\/a><\/div>\r\n                                            <div class=\"mec-event-date mec-color\"><i class=\"mec-sl-calendar\"><\/i> <span class=\"mec-start-date-label\">F\u00e9v 08 - 23 2027<\/span><\/div>\r\n                        <div class=\"mec-event-time mec-color\"><\/div>\r\n                                                                                <h4 class=\"mec-event-title\"><a class=\"mec-color-hover\" data-event-id=\"4841\" href=\"https:\/\/eveil-de-femme.com\/index.php\/voyage-en-inde\/\" target=\"_self\" rel=\"noopener\">Origine Voyage en Inde du Sud 2027<\/a><\/h4>\r\n                                                                                                                                                    <\/article>\r\n            \t\t\t<\/div>\r\n<\/div>\r\n\r\n    <\/div>\r\n    <div class=\"mec-skin-list-no-events-container mec-util-hidden\" id=\"mec_skin_no_events_159\">\r\n        Aucun \u00e9v\u00e9nement trouv\u00e9 !    <\/div>\r\n    \r\n    \r\n<\/div>\r\n\t\t\t\t<\/div>\n\t\t\t\t<\/div>\n\t\t\t\t\t<\/div>\n\t\t<\/div>\n\t\t\t\t\t<\/div>\n\t\t<\/section>\n\t\t\t\t<\/div>\n\t\t","protected":false},"excerpt":{"rendered":"<p>Contact et inscription Si votre c\u0153ur appelle\u00a0 plus d&rsquo;informations sur les stages, les inscriptions ou tout autre aspect de ce chemin, je suis disponible pour vous accompagner. \u2728 Me contacter :\ud83d\udce7 elsa.lepescheux@gmail.com\ud83d\udcf1 SMS : 06 63 97 77 54 (merci d\u2019\u00e9viter les appels) Lorsque vous m\u2019\u00e9crivez, pensez \u00e0 pr\u00e9ciser le [&hellip;]<\/p>\n","protected":false},"author":1,"featured_media":2642,"parent":0,"menu_order":0,"comment_status":"closed","ping_status":"closed","template":"page-templates\/template-pagebuilder-full-width.php","meta":{"footnotes":""},"class_list":["post-157","page","type-page","status-publish","has-post-thumbnail","hentry"],"yoast_head":"<!-- This site is optimized with the Yoast SEO plugin v27.5 - https:\/\/yoast.com\/product\/yoast-seo-wordpress\/ -->\n<title>Contact\/Inscription Eveil de Femme - Stages Femmes -<\/title>\n<meta name=\"description\" content=\"Formulaire de contact et ou d&#039;inscriptions aux stages organis\u00e9s par \u00c9veil de femme\" \/>\n<meta name=\"robots\" content=\"index, follow, max-snippet:-1, max-image-preview:large, max-video-preview:-1\" \/>\n<link rel=\"canonical\" href=\"https:\/\/eveil-de-femme.com\/index.php\/contact-inscription\/\" \/>\n<meta property=\"og:locale\" content=\"fr_FR\" \/>\n<meta property=\"og:type\" content=\"article\" \/>\n<meta property=\"og:title\" content=\"Contact\/Inscription Eveil de Femme - Stages Femmes -\" \/>\n<meta property=\"og:description\" content=\"Formulaire de contact et ou d&#039;inscriptions aux stages organis\u00e9s par \u00c9veil de femme\" \/>\n<meta property=\"og:url\" content=\"https:\/\/eveil-de-femme.com\/index.php\/contact-inscription\/\" \/>\n<meta property=\"og:site_name\" content=\"Eveil de Femme - Stages Femmes\" \/>\n<meta property=\"article:publisher\" content=\"https:\/\/www.facebook.com\/Eveildefemme\/\" \/>\n<meta property=\"article:modified_time\" content=\"2025-11-02T17:20:37+00:00\" \/>\n<meta property=\"og:image\" content=\"https:\/\/eveil-de-femme.com\/wp-content\/uploads\/2021\/12\/3-3.jpg\" \/>\n\t<meta property=\"og:image:width\" content=\"600\" \/>\n\t<meta property=\"og:image:height\" content=\"313\" \/>\n\t<meta property=\"og:image:type\" content=\"image\/jpeg\" \/>\n<meta name=\"twitter:card\" content=\"summary_large_image\" \/>\n<meta name=\"twitter:label1\" content=\"Dur\u00e9e de lecture estim\u00e9e\" \/>\n\t<meta name=\"twitter:data1\" content=\"5 minutes\" \/>\n<script type=\"application\/ld+json\" class=\"yoast-schema-graph\">{\"@context\":\"https:\\\/\\\/schema.org\",\"@graph\":[{\"@type\":\"WebPage\",\"@id\":\"https:\\\/\\\/eveil-de-femme.com\\\/index.php\\\/contact-inscription\\\/\",\"url\":\"https:\\\/\\\/eveil-de-femme.com\\\/index.php\\\/contact-inscription\\\/\",\"name\":\"Contact\\\/Inscription Eveil de Femme - Stages Femmes -\",\"isPartOf\":{\"@id\":\"https:\\\/\\\/eveil-de-femme.com\\\/#website\"},\"primaryImageOfPage\":{\"@id\":\"https:\\\/\\\/eveil-de-femme.com\\\/index.php\\\/contact-inscription\\\/#primaryimage\"},\"image\":{\"@id\":\"https:\\\/\\\/eveil-de-femme.com\\\/index.php\\\/contact-inscription\\\/#primaryimage\"},\"thumbnailUrl\":\"https:\\\/\\\/eveil-de-femme.com\\\/wp-content\\\/uploads\\\/2021\\\/12\\\/3-3.jpg\",\"datePublished\":\"2019-09-26T16:35:57+00:00\",\"dateModified\":\"2025-11-02T17:20:37+00:00\",\"description\":\"Formulaire de contact et ou d'inscriptions aux stages organis\u00e9s par \u00c9veil de femme\",\"breadcrumb\":{\"@id\":\"https:\\\/\\\/eveil-de-femme.com\\\/index.php\\\/contact-inscription\\\/#breadcrumb\"},\"inLanguage\":\"fr-FR\",\"potentialAction\":[{\"@type\":\"ReadAction\",\"target\":[\"https:\\\/\\\/eveil-de-femme.com\\\/index.php\\\/contact-inscription\\\/\"]}]},{\"@type\":\"ImageObject\",\"inLanguage\":\"fr-FR\",\"@id\":\"https:\\\/\\\/eveil-de-femme.com\\\/index.php\\\/contact-inscription\\\/#primaryimage\",\"url\":\"https:\\\/\\\/eveil-de-femme.com\\\/wp-content\\\/uploads\\\/2021\\\/12\\\/3-3.jpg\",\"contentUrl\":\"https:\\\/\\\/eveil-de-femme.com\\\/wp-content\\\/uploads\\\/2021\\\/12\\\/3-3.jpg\",\"width\":600,\"height\":313},{\"@type\":\"BreadcrumbList\",\"@id\":\"https:\\\/\\\/eveil-de-femme.com\\\/index.php\\\/contact-inscription\\\/#breadcrumb\",\"itemListElement\":[{\"@type\":\"ListItem\",\"position\":1,\"name\":\"Accueil\",\"item\":\"https:\\\/\\\/eveil-de-femme.com\\\/\"},{\"@type\":\"ListItem\",\"position\":2,\"name\":\"Contact\\\/Inscription\"}]},{\"@type\":\"WebSite\",\"@id\":\"https:\\\/\\\/eveil-de-femme.com\\\/#website\",\"url\":\"https:\\\/\\\/eveil-de-femme.com\\\/\",\"name\":\"Eveil de Femme\",\"description\":\"Stage th\u00e9rapeutique psycho-corporelle et spirituelle\",\"publisher\":{\"@id\":\"https:\\\/\\\/eveil-de-femme.com\\\/#organization\"},\"potentialAction\":[{\"@type\":\"SearchAction\",\"target\":{\"@type\":\"EntryPoint\",\"urlTemplate\":\"https:\\\/\\\/eveil-de-femme.com\\\/?s={search_term_string}\"},\"query-input\":{\"@type\":\"PropertyValueSpecification\",\"valueRequired\":true,\"valueName\":\"search_term_string\"}}],\"inLanguage\":\"fr-FR\"},{\"@type\":\"Organization\",\"@id\":\"https:\\\/\\\/eveil-de-femme.com\\\/#organization\",\"name\":\"Eveil de femme\",\"url\":\"https:\\\/\\\/eveil-de-femme.com\\\/\",\"logo\":{\"@type\":\"ImageObject\",\"inLanguage\":\"fr-FR\",\"@id\":\"https:\\\/\\\/eveil-de-femme.com\\\/#\\\/schema\\\/logo\\\/image\\\/\",\"url\":\"\",\"contentUrl\":\"\",\"caption\":\"Eveil de femme\"},\"image\":{\"@id\":\"https:\\\/\\\/eveil-de-femme.com\\\/#\\\/schema\\\/logo\\\/image\\\/\"},\"sameAs\":[\"https:\\\/\\\/www.facebook.com\\\/Eveildefemme\\\/\",\"https:\\\/\\\/www.instagram.com\\\/eveil_de_femme\\\/\",\"https:\\\/\\\/www.youtube.com\\\/channel\\\/UCbyLerVKiNS_tqorjFt95pw\"]}]}<\/script>\n<!-- \/ Yoast SEO plugin. -->","yoast_head_json":{"title":"Contact\/Inscription Eveil de Femme - Stages Femmes -","description":"Formulaire de contact et ou d'inscriptions aux stages organis\u00e9s par \u00c9veil de femme","robots":{"index":"index","follow":"follow","max-snippet":"max-snippet:-1","max-image-preview":"max-image-preview:large","max-video-preview":"max-video-preview:-1"},"canonical":"https:\/\/eveil-de-femme.com\/index.php\/contact-inscription\/","og_locale":"fr_FR","og_type":"article","og_title":"Contact\/Inscription Eveil de Femme - Stages Femmes -","og_description":"Formulaire de contact et ou d'inscriptions aux stages organis\u00e9s par \u00c9veil de femme","og_url":"https:\/\/eveil-de-femme.com\/index.php\/contact-inscription\/","og_site_name":"Eveil de Femme - Stages Femmes","article_publisher":"https:\/\/www.facebook.com\/Eveildefemme\/","article_modified_time":"2025-11-02T17:20:37+00:00","og_image":[{"width":600,"height":313,"url":"https:\/\/eveil-de-femme.com\/wp-content\/uploads\/2021\/12\/3-3.jpg","type":"image\/jpeg"}],"twitter_card":"summary_large_image","twitter_misc":{"Dur\u00e9e de lecture estim\u00e9e":"5 minutes"},"schema":{"@context":"https:\/\/schema.org","@graph":[{"@type":"WebPage","@id":"https:\/\/eveil-de-femme.com\/index.php\/contact-inscription\/","url":"https:\/\/eveil-de-femme.com\/index.php\/contact-inscription\/","name":"Contact\/Inscription Eveil de Femme - Stages Femmes -","isPartOf":{"@id":"https:\/\/eveil-de-femme.com\/#website"},"primaryImageOfPage":{"@id":"https:\/\/eveil-de-femme.com\/index.php\/contact-inscription\/#primaryimage"},"image":{"@id":"https:\/\/eveil-de-femme.com\/index.php\/contact-inscription\/#primaryimage"},"thumbnailUrl":"https:\/\/eveil-de-femme.com\/wp-content\/uploads\/2021\/12\/3-3.jpg","datePublished":"2019-09-26T16:35:57+00:00","dateModified":"2025-11-02T17:20:37+00:00","description":"Formulaire de contact et ou d'inscriptions aux stages organis\u00e9s par \u00c9veil de femme","breadcrumb":{"@id":"https:\/\/eveil-de-femme.com\/index.php\/contact-inscription\/#breadcrumb"},"inLanguage":"fr-FR","potentialAction":[{"@type":"ReadAction","target":["https:\/\/eveil-de-femme.com\/index.php\/contact-inscription\/"]}]},{"@type":"ImageObject","inLanguage":"fr-FR","@id":"https:\/\/eveil-de-femme.com\/index.php\/contact-inscription\/#primaryimage","url":"https:\/\/eveil-de-femme.com\/wp-content\/uploads\/2021\/12\/3-3.jpg","contentUrl":"https:\/\/eveil-de-femme.com\/wp-content\/uploads\/2021\/12\/3-3.jpg","width":600,"height":313},{"@type":"BreadcrumbList","@id":"https:\/\/eveil-de-femme.com\/index.php\/contact-inscription\/#breadcrumb","itemListElement":[{"@type":"ListItem","position":1,"name":"Accueil","item":"https:\/\/eveil-de-femme.com\/"},{"@type":"ListItem","position":2,"name":"Contact\/Inscription"}]},{"@type":"WebSite","@id":"https:\/\/eveil-de-femme.com\/#website","url":"https:\/\/eveil-de-femme.com\/","name":"Eveil de Femme","description":"Stage th\u00e9rapeutique psycho-corporelle et spirituelle","publisher":{"@id":"https:\/\/eveil-de-femme.com\/#organization"},"potentialAction":[{"@type":"SearchAction","target":{"@type":"EntryPoint","urlTemplate":"https:\/\/eveil-de-femme.com\/?s={search_term_string}"},"query-input":{"@type":"PropertyValueSpecification","valueRequired":true,"valueName":"search_term_string"}}],"inLanguage":"fr-FR"},{"@type":"Organization","@id":"https:\/\/eveil-de-femme.com\/#organization","name":"Eveil de femme","url":"https:\/\/eveil-de-femme.com\/","logo":{"@type":"ImageObject","inLanguage":"fr-FR","@id":"https:\/\/eveil-de-femme.com\/#\/schema\/logo\/image\/","url":"","contentUrl":"","caption":"Eveil de femme"},"image":{"@id":"https:\/\/eveil-de-femme.com\/#\/schema\/logo\/image\/"},"sameAs":["https:\/\/www.facebook.com\/Eveildefemme\/","https:\/\/www.instagram.com\/eveil_de_femme\/","https:\/\/www.youtube.com\/channel\/UCbyLerVKiNS_tqorjFt95pw"]}]}},"_links":{"self":[{"href":"https:\/\/eveil-de-femme.com\/index.php\/wp-json\/wp\/v2\/pages\/157","targetHints":{"allow":["GET"]}}],"collection":[{"href":"https:\/\/eveil-de-femme.com\/index.php\/wp-json\/wp\/v2\/pages"}],"about":[{"href":"https:\/\/eveil-de-femme.com\/index.php\/wp-json\/wp\/v2\/types\/page"}],"author":[{"embeddable":true,"href":"https:\/\/eveil-de-femme.com\/index.php\/wp-json\/wp\/v2\/users\/1"}],"replies":[{"embeddable":true,"href":"https:\/\/eveil-de-femme.com\/index.php\/wp-json\/wp\/v2\/comments?post=157"}],"version-history":[{"count":0,"href":"https:\/\/eveil-de-femme.com\/index.php\/wp-json\/wp\/v2\/pages\/157\/revisions"}],"wp:featuredmedia":[{"embeddable":true,"href":"https:\/\/eveil-de-femme.com\/index.php\/wp-json\/wp\/v2\/media\/2642"}],"wp:attachment":[{"href":"https:\/\/eveil-de-femme.com\/index.php\/wp-json\/wp\/v2\/media?parent=157"}],"curies":[{"name":"wp","href":"https:\/\/api.w.org\/{rel}","templated":true}]}}